{"id":250,"date":"2023-05-17T15:11:58","date_gmt":"2023-05-17T15:11:58","guid":{"rendered":"https:\/\/ciecc.cr2.cl\/?page_id=250"},"modified":"2023-07-04T16:14:45","modified_gmt":"2023-07-04T16:14:45","slug":"ciecc-2022","status":"publish","type":"page","link":"https:\/\/ciecc.cr2.cl\/index.php\/ciecc-2022\/","title":{"rendered":"CIECC 2022"},"content":{"rendered":"<section class=\"wpb-content-wrapper\"><p>[vc_row full_width=&#8221;stretch_row_content_no_spaces&#8221;][vc_column][vc_single_image image=&#8221;168&#8243; img_size=&#8221;full&#8221; alignment=&#8221;center&#8221;][\/vc_column][\/vc_row][vc_row full_width=&#8221;stretch_row&#8221; css=&#8221;.vc_custom_1684794695286{margin-top: -70px !important;background-color: #0063af !important;}&#8221;][vc_column][vc_empty_space height=&#8221;25px&#8221;][vc_column_text css=&#8221;.vc_custom_1684794843761{margin-top: -30px !important;}&#8221;]<\/p>\n<h3 style=\"text-align: center;\"><span style=\"color: #ffffff;\"><strong><a style=\"color: #ffffff;\" href=\"https:\/\/ciecc.cr2.cl\/\">CIECC 2023<\/a>\u00a0 \u00a0|\u00a0 \u00a0 CIECC 2022\u00a0 \u00a0|\u00a0 \u00a0<a style=\"color: #ffffff;\" href=\"https:\/\/www.cr2.cl\/ciecc2021\/\" target=\"_blank\" rel=\"noopener\">CIECC 2021<\/a>\u00a0 |\u00a0 \u00a0<a style=\"color: #ffffff;\" href=\"https:\/\/www.cr2.cl\/ciecc2020\/\">CIECC 2020<\/a>\u00a0 \u00a0|\u00a0 \u00a0<a style=\"color: #ffffff;\" href=\"https:\/\/www.cr2.cl\/ciecc2019\/\">CIECC 2019<\/a><\/strong><\/span><\/h3>\n<p>[\/vc_column_text][\/vc_column][\/vc_row][vc_row full_width=&#8221;stretch_row&#8221; css=&#8221;.vc_custom_1658459253515{background-color: #ffc43a !important;}&#8221;][vc_column][vc_column_text]<\/p>\n<h2 style=\"text-align: center;\"><span style=\"color: #000080;\"><a style=\"color: #000080;\" href=\"https:\/\/www.google.com\/maps\/d\/viewer?mid=1gQZe83BKqVZ22j9JK26kJJ0Rbnzlt34&amp;ll=-10.540169634597005%2C-86.25972469999999&amp;z=3\" target=\"_blank\" rel=\"noopener\">Revisa aqu\u00ed los resultados del #Desaf\u00edoAdaptaci\u00f3nClim\u00e1tica<\/a><\/span><\/h2>\n<p style=\"text-align: center;\"><strong>Mapa interactivo de iniciativas de adaptaci\u00f3n clim\u00e1tica en Am\u00e9rica Latina<\/strong><\/p>\n<p>[\/vc_column_text][\/vc_column][\/vc_row][vc_row][vc_column][vc_tta_tabs style=&#8221;outline&#8221; shape=&#8221;square&#8221; color=&#8221;sandy-brown&#8221; spacing=&#8221;5&#8243; alignment=&#8221;center&#8221; active_section=&#8221;1&#8243; no_fill_content_area=&#8221;true&#8221;][vc_tta_section title=&#8221;INTRODUCCI\u00d3N&#8221; tab_id=&#8221;introduccion&#8221;][vc_empty_space][vc_row_inner gap=&#8221;20&#8243;][vc_column_inner width=&#8221;1\/2&#8243;][vc_column_text]<\/p>\n<p style=\"text-align: justify;\"><span style=\"font-weight: 400;\">La <\/span><b>IV versi\u00f3n de la Conferencia Internacional \u201cEducaci\u00f3n en Cambio Clim\u00e1tico y Desarrollo Sostenible en Latinoam\u00e9rica<\/b><span style=\"font-weight: 400;\">\u201d es fruto del trabajo conjunto entre el Centro de Ciencia del Clima y la Resiliencia <\/span><span style=\"font-weight: 400;\">(<\/span><span style=\"font-weight: 400;\">CR)2, el Instituto de Estudios Avanzados en Educaci\u00f3n, el CIAE y Programa ECBI de la Universidad de Chile, e Innovaci\u00f3n en la ense\u00f1anza de la ciencia AC, INNOVEC M\u00e9xico; STEM Academia, Colombia; OCE-Par\u00eds y la Oficina Regional de la Fundaci\u00f3n Internacional Siemens Stiftung. Un encuentro que unir\u00e1 la regi\u00f3n en formato presencial y v\u00eda streaming, en una primera etapa los d\u00edas 29 y 30\u00a0 de junio,\u00a0 Chile y M\u00e9xico, para finalizar el 14 y 15 julio desde Colombia.<\/span><\/p>\n<p style=\"text-align: justify;\"><span style=\"font-weight: 400;\">Este esfuerzo regional reafirma el trabajo colaborativo del sector educativo como la clave para enfrentar el cambio clim\u00e1tico y fomentar el desarrollo sostenible. Las instituciones co-organizadoras coincidimos en apostar por un enfoque sist\u00e9mico para producir cambios en las escuelas, a trav\u00e9s de la entrega de educaci\u00f3n en ciencias de calidad a ni\u00f1as, ni\u00f1os y j\u00f3venes, as\u00ed como a los equipos directivos y docentes, art\u00edfices de la formaci\u00f3n ciudadana. Es a dicha comunidad educativa, as\u00ed como tambi\u00e9n a tomadores de decisi\u00f3n en el \u00e1mbito de las pol\u00edticas p\u00fablicas, sociedad civil, secor privado y comunidad, a quienes se dirige esta Conferencia como una estrategia que fomente la reflexi\u00f3n sobre las potenciales rutas para avanzar hacia un desarrollo socioecon\u00f3mico sostenible.<\/span><\/p>\n<p style=\"text-align: justify;\"><span style=\"font-weight: 400;\">El \u00faltimo reporte del Panel Intergubernamental sobre Cambio Clim\u00e1tico (IPCC, 2021), centrado en las repercusiones y futuros riesgos del cambio clim\u00e1tico, indica que estamos en un punto de no retorno. Sin embargo, subraya que a\u00fan hay espacio para la esperanza.\u00a0<\/span><\/p>\n<p style=\"text-align: justify;\"><span style=\"font-weight: 400;\">En relaci\u00f3n con el <\/span><b>aumento de la temperatura<\/b><span style=\"font-weight: 400;\">, el informe da cuenta que el calentamiento registrado en la actualidad no tiene precedentes. Las cifras no s\u00f3lo se refieren a la magnitud del calentamiento, sino tambi\u00e9n, su ritmo de crecimiento. Al comparar las temperaturas de la \u00faltima d\u00e9cada con las registradas en la segunda mitad del siglo XIX queda en evidencia que estos diez a\u00f1os han sido <\/span><b>1,1\u00b0C m\u00e1s c\u00e1lidos<\/b><span style=\"font-weight: 400;\"> que el per\u00edodo preindustrial. En la \u00faltima d\u00e9cada tambi\u00e9n se observan altas concentraciones de CO<\/span><span style=\"font-weight: 400;\">2<\/span><span style=\"font-weight: 400;\">, aumento del nivel del mar, p\u00e9rdida de hielo marino alrededor del \u00c1rtico y un retroceso de los glaciares sin precedentes. Las causas de estos eventos se explican por la <\/span><b>acci\u00f3n humana<\/b><span style=\"font-weight: 400;\"> y aun cuando se trabaja en mitigar los efectos, no ser\u00e1 suficiente mientras no se detengan las emisiones de CO<\/span><span style=\"font-weight: 400;\">2<\/span><span style=\"font-weight: 400;\">.\u00a0<\/span><\/p>\n<p style=\"text-align: justify;\"><span style=\"font-weight: 400;\">El IPCC plantea dos v\u00edas para enfrentar el cambio clim\u00e1tico. Por un lado, buscar las causas para poder mitigar sus efectos, es decir, dejar de quemar combustibles f\u00f3siles; y por otro, y en forma simult\u00e1nea, compartir y reflexionar sobre las consecuencias que el cambio clim\u00e1tico provoca en las especies del planeta, y\/o su adaptaci\u00f3n a ellas.<\/span><\/p>\n<p style=\"text-align: justify;\"><span style=\"font-weight: 400;\">Estos antecedentes demuestran la necesidad de acelerar la acci\u00f3n clim\u00e1tica. Vivimos un momento \u00fanico en el que la humanidad tiene la oportunidad de sentar las bases que permitan reducir al m\u00e1ximo las emisiones de gases de efecto invernadero y as\u00ed, mejorar la calidad de vida y reducir las brechas sociales. Si logramos que las emisiones de carbono sean cero ser\u00e1 posible estabilizar la temperatura. Pero para ello los pa\u00edses deben adherir a los compromisos de carbono neutralidad planteados en Par\u00eds 2015.<\/span><\/p>\n<p style=\"text-align: justify;\"><span style=\"font-weight: 400;\">La IV Conferencia, cuyo eje es la <\/span><b>adaptaci\u00f3n<\/b><span style=\"font-weight: 400;\"> al cambio clim\u00e1tico, y tal como indica el <\/span><i><span style=\"font-weight: 400;\">IPCC, 2022, debe aportar a <\/span><\/i><span style=\"font-weight: 400;\">\u00a0ampliar la mirada en<\/span><i><span style=\"font-weight: 400;\"> \u201clos sistemas humanos, donde la adaptaci\u00f3n se define como el proceso de ajuste al clima actual o esperado y sus efectos, con el fin de moderar el da\u00f1o o aprovechar las oportunidades beneficiosas. En los sistemas naturales, la adaptaci\u00f3n es el proceso de ajuste al clima actual y sus efectos; la intervenci\u00f3n humana puede facilitar el ajuste al clima esperado y sus efectos&#8221;.\u00a0<\/span><\/i><\/p>\n<p style=\"text-align: justify;\"><span style=\"font-weight: 400;\">Se trata de un llamado urgente a generar conciencia a nivel local e internacional sobre los preocupantes niveles de la temperatura del planeta, as\u00ed como a informarse y actuar en consecuencia. Tal como afirma la climat\u00f3loga Dra. Maisa Rojas, autora coordinadora del informe del grupo de Trabajo 1 \u2013 AR6 del IPCC y Ministra de Medio Ambiente de Chile: \u201cel futuro a\u00fan est\u00e1 en nuestras manos para reducir de forma sustancial y sostenida las emisiones de gases de efecto invernadero\u201d.<\/span><\/p>\n<p>[\/vc_column_text][\/vc_column_inner][vc_column_inner width=&#8221;1\/2&#8243;][vc_column_text]<\/p>\n<h4 style=\"text-align: justify;\"><span style=\"color: #ff9900;\"><b>La clave: educar en cambio clim\u00e1tico\u00a0<\/b><\/span><\/h4>\n<p style=\"text-align: justify;\"><span style=\"font-weight: 400;\">La vivencia del impacto de la crisis clim\u00e1tica y la pandemia por Covid-19 dejaron en evidencia la necesidad de ense\u00f1ar y aprender transdisciplinariamente. S\u00f3lo as\u00ed ser\u00e1 posible formar una ciudadan\u00eda educada, cr\u00edtica, capaz de comprender y dimensionar estas problem\u00e1ticas, as\u00ed como generar posibles soluciones basadas en la cooperaci\u00f3n local y global.<\/span><\/p>\n<p style=\"text-align: justify;\"><span style=\"font-weight: 400;\">En 2020 la UNESCO plante\u00f3 que \u201cla <\/span><i><span style=\"font-weight: 400;\">educaci\u00f3n para el desarrollo sostenible permite que las personas adquieran los conocimientos, habilidades, actitudes y valores necesarios para moldear un futuro sostenible y mejorar su calidad de vida sin poner en peligro la posibilidad de las generaciones futuras de hacerlo, reevaluando qu\u00e9 aprendemos, d\u00f3nde aprendemos y c\u00f3mo aprendemos<\/span><\/i><span style=\"font-weight: 400;\">.\u201d Las instituciones co-organizadoras de la IV Conferencia creemos que la educaci\u00f3n STEM (del acr\u00f3nimo en ingl\u00e9s Science, Technology, Engineering and Mathematics) es el camino para la formaci\u00f3n de comunidades de cient\u00edficos, educadores y tomadores de decisi\u00f3n que fomenten la incorporaci\u00f3n de la <\/span><b>educaci\u00f3n en cambio clim\u00e1tico y el desarrollo sostenible -EDS<\/b><span style=\"font-weight: 400;\"> como parte de los curr\u00edculums educativos regionales.\u00a0<\/span><\/p>\n<p style=\"text-align: justify;\"><span style=\"font-weight: 400;\">Actores fundamentales en la concreci\u00f3n de los objetivos planteados por la Conferencia son los miembros de la <\/span><b>Red STEM Latinoam\u00e9rica<\/b><span style=\"font-weight: 400;\">, un conjunto de 95 instituciones de 13 pa\u00edses de la regi\u00f3n, coordinadas por la Fundaci\u00f3n Siemens Stiftung. Un ecosistema de educaci\u00f3n colaborativo, en el que sus miembros interact\u00faan y comparten experiencias, as\u00ed como Recursos Educativos Abiertos (REA) y gratuitos para impulsar educaci\u00f3n STEM de calidad que genere impacto en la regi\u00f3n en pro de una formaci\u00f3n integral que fomente el bien social y el desarrollo sostenible. A esta red de instituciones se suma, como parte de la Conferencia, la <\/span><b>Red de Maestros Latam <\/b><span style=\"font-weight: 400;\">que re\u00fane a los educadores de la regi\u00f3n, actores fundamentales en llegar a ni\u00f1os, ni\u00f1as y j\u00f3venes.\u00a0<\/span><\/p>\n<h4 style=\"text-align: justify;\"><span style=\"color: #ff9900;\"><b>Prop\u00f3sito<\/b><\/span><\/h4>\n<p style=\"text-align: justify;\"><span style=\"font-weight: 400;\">El prop\u00f3sito de la<\/span><b> IV<\/b> <b>Conferencia Internacional en Educaci\u00f3n en Cambio Clim\u00e1tico y Desarrollo Sostenible &#8211; Avanzando juntos por la Adaptaci\u00f3n Clim\u00e1tica <\/b><span style=\"font-weight: 400;\">es colaborar en el empoderamiento de los docentes de la RED STEM LATAM en fortalecimiento de las comprensiones conceptuales sobre las ciencias del clima, pedagog\u00eda indagatoria integrada con aprendizajes basado en la resoluci\u00f3n de problemas, as\u00ed como generar espacios de di\u00e1logo internacionales para asegurar la mejor forma de implementaci\u00f3n en sus realidades educativas, que permita alfabetizar a los estudiantes y familias sobre qu\u00e9 es el cambio clim\u00e1tico, cu\u00e1les han sido y podr\u00edan ser sus efectos en el planeta Tierra, fomentar el cuestionamiento y motivar la acci\u00f3n aut\u00e9ntica\u00a0 de las comunidades escolares en torno a la <\/span><b>adaptaci\u00f3n<\/b><span style=\"font-weight: 400;\"> al cambio clim\u00e1tico y desarrollo sostenible en la regi\u00f3n latinoamericana\u201d.\u00a0<\/span><\/p>\n<h4><span style=\"color: #ff9900;\"><b><br \/>\nResultados esperados<\/b><\/span><\/h4>\n<ol>\n<li style=\"font-weight: 400;\" aria-level=\"1\"><span style=\"font-weight: 400;\">Fortalecer la visi\u00f3n sobre el concepto de educaci\u00f3n STEM para educaci\u00f3n en cambio clim\u00e1tico, desarrollo sostenible y adaptaci\u00f3n, como un desaf\u00edo global y local.<\/span><\/li>\n<li style=\"font-weight: 400;\" aria-level=\"1\"><span style=\"font-weight: 400;\">Generar constantes di\u00e1logos internacionales, compartir soluciones respecto a desaf\u00edos comunes y establecerse como una comunidad que se re-imaginar prioridades y roles como comunidad RED STEM LATAM.<\/span><\/li>\n<li style=\"font-weight: 400;\" aria-level=\"1\"><span style=\"font-weight: 400;\">Nutrir al sistema educativo, ofreciendo nuevas oportunidades a docentes, estudiantes y sus familias, empoderarles e impactar hacia un trabajo constructivo para la adaptaci\u00f3n al cambio clim\u00e1tico y avanzar por un desarrollo sostenible.<\/span><\/li>\n<\/ol>\n<p>[\/vc_column_text][\/vc_column_inner][\/vc_row_inner][\/vc_tta_section][vc_tta_section title=&#8221;PROGRAMA&#8221; tab_id=&#8221;programa&#8221;][vc_empty_space height=&#8221;12px&#8221;][vc_row_inner content_placement=&#8221;top&#8221; gap=&#8221;4&#8243;][vc_column_inner][vc_custom_heading text=&#8221;Programa jueves 14 y viernes 15 de julio&#8221; font_container=&#8221;tag:h3|text_align:center|color:%23ffffff&#8221; use_theme_fonts=&#8221;yes&#8221; css=&#8221;.vc_custom_1655507966385{padding-top: 10px !important;padding-right: 10px !important;padding-bottom: 10px !important;padding-left: 10px !important;background-color: #b21515 !important;}&#8221;][vc_column_text]<\/p>\n<p style=\"text-align: center;\"><em>Programa sujeto a modificaciones \/ Hora local Colombia, en Chile es +1 hora<\/em><\/p>\n<p>[\/vc_column_text][\/vc_column_inner][\/vc_row_inner][vc_empty_space height=&#8221;12px&#8221;][vc_row_inner][vc_column_inner width=&#8221;1\/2&#8243;][vc_column_text]<\/p>\n<h3 style=\"text-align: left;\"><span style=\"color: #be1622;\">Jueves 14 de julio<\/span><\/h3>\n<p><a href=\"https:\/\/www.youtube.com\/watch?v=P8CFtXb6NO8\" target=\"_blank\" rel=\"noopener\"><span style=\"color: #ff0000;\">Transmisi\u00f3n en <\/span><span style=\"color: #ff0000;\">vivo <\/span><img loading=\"lazy\" class=\"wp-image-123 alignnone\" src=\"http:\/\/ciecc.cr2.cl\/wp-content\/uploads\/2022\/06\/youtube_icon.png\" alt=\"\" width=\"15\" height=\"15\" \/><\/a>[\/vc_column_text][vc_column_text]<\/p>\n<h4 style=\"text-align: left;\">08:30-09:15 hrs. <span style=\"color: #6dab3c;\"><span style=\"color: #ff9900;\">Ceremonia de Inauguraci\u00f3n<\/span><\/span><\/h4>\n<ul>\n<li>\n<div>Universidad del Rosario<\/div>\n<\/li>\n<li>\n<div>Ministerio de Educaci\u00f3n Nacional<\/div>\n<\/li>\n<li>\n<div>Office for Climate Education, OCE<\/div>\n<\/li>\n<li>\n<div>Academia Colombiana de Ciencias Exactas F\u00edsicas y Naturales<\/div>\n<\/li>\n<li>\n<div>Fondo Acci\u00f3n<\/div>\n<\/li>\n<li>\n<div>Siemens Stiftung<\/div>\n<\/li>\n<li>\n<div>INNOVEC.<\/div>\n<\/li>\n<\/ul>\n<p>[\/vc_column_text][vc_column_text]<\/p>\n<h4>09:15-10:00 hrs. <span style=\"color: #ff9900;\">Conferencia<\/span><\/h4>\n<p><em><span style=\"font-weight: 400;\">Causas, mecanismos y consecuencias globales del Cambio Clim\u00e1tico<\/span><\/em><\/p>\n<ul>\n<li><span style=\"font-weight: 400;\"><strong>David Wilgenbus<\/strong>, OCE<\/span><\/li>\n<\/ul>\n<p>[\/vc_column_text][vc_column_text]<\/p>\n<h4>10:00-10:30 hrs. <span style=\"color: #ff9900;\">Caf\u00e9<\/span><\/h4>\n<p>[\/vc_column_text][vc_column_text]<\/p>\n<h4 style=\"text-align: left;\">10:30-11:15 hrs. <span style=\"color: #ff9900;\">Conferencia<\/span><\/h4>\n<p><em><span style=\"font-weight: 400;\">Cambio clim\u00e1tico y bosques en Colombia<\/span><\/em><\/p>\n<ul>\n<li><span style=\"font-weight: 400;\"><strong>Benjamin Quesada<\/strong>, Universidad del Rosario<\/span><\/li>\n<\/ul>\n<p>[\/vc_column_text][vc_column_text]<\/p>\n<h4 style=\"text-align: left;\">11:15-12:15 hrs. <span style=\"color: #ff9900;\">Presentaci\u00f3n<\/span><\/h4>\n<p><em><span style=\"font-weight: 400;\">Proyecto ALEC Colombia-M\u00e9xico<\/span><\/em><\/p>\n<ul>\n<li><strong>Natalie Nicceto<\/strong>, Office for Climate Education<\/li>\n<li><strong>Margarita G\u00f3mez<\/strong>, Academia Colombiana de Ciencias Exactas F\u00edsicas y Naturales<\/li>\n<li><strong>Benjam\u00edn Quesada<\/strong>, Universidad del Rosario<\/li>\n<li><strong>Natalia Ucros<\/strong>, Fondo Acci\u00f3n<\/li>\n<li><strong>Romina Morales<\/strong>, INNOVEC<\/li>\n<li><strong>Carlos Saavedra<\/strong>, Ministerio de Educaci\u00f3n Nacional<\/li>\n<\/ul>\n<p>[\/vc_column_text][vc_column_text]<\/p>\n<h4 style=\"text-align: left;\">13:45-14:45 hrs. <span style=\"color: #ff9900;\">Taller Virtual<\/span><\/h4>\n<p><em>Conceptos b\u00e1sicos de las energ\u00edas renovables y Tecnolog\u00edas de transformaci\u00f3n energ\u00e9tica.<\/em><\/p>\n<ul>\n<li><strong>Juanita Ordo\u00f1ez<\/strong>, Ingeniera mec\u00e1nica, experta en el campo energ\u00e9tico ambiental y el desarrollo de mecanismos de aprovechamiento de los recursos energ\u00e9ticos. Profesional del Ministerio de Ambiente y Desarrollo Sostenible de Colombia.<\/li>\n<\/ul>\n<h4 style=\"text-align: left;\">14:45-15:45 hrs. <span style=\"color: #ff9900;\">Taller Virtual<\/span><\/h4>\n<p><em>Restauraci\u00f3n comunitaria: casos de integraci\u00f3n social para la recuperaci\u00f3n ecosist\u00e9mica y cultural.<\/em><\/p>\n<ul>\n<li><strong>Eduardo Soto Estrada<\/strong>, Bi\u00f3logo Enlace RNJA, Minambiente<\/li>\n<\/ul>\n<p>[\/vc_column_text][\/vc_column_inner][vc_column_inner width=&#8221;1\/2&#8243;][vc_column_text]<\/p>\n<h3 style=\"text-align: left;\"><span style=\"color: #be1622;\">Viernes 15 de julio<\/span><\/h3>\n<p><a href=\"https:\/\/www.youtube.com\/watch?v=uACryVASSiE\" target=\"_blank\" rel=\"noopener\"><span style=\"color: #ff0000;\">Transmisi\u00f3n en <\/span><span style=\"color: #ff0000;\">vivo <\/span><img loading=\"lazy\" class=\"wp-image-123 alignnone\" src=\"http:\/\/ciecc.cr2.cl\/wp-content\/uploads\/2022\/06\/youtube_icon.png\" alt=\"\" width=\"15\" height=\"15\" \/><\/a>[\/vc_column_text][vc_column_text]<\/p>\n<h4 style=\"text-align: left;\">08:00-09:00 hrs. <span style=\"color: #ff9900;\">Taller Virtual<\/span><\/h4>\n<p><em>La sostenibilidad energ\u00e9tica como una de las apuestas de Colombia en su camino a cero<\/em><\/p>\n<ul>\n<li><strong>Jes\u00fas Pemberthy Cogollo.<\/strong> Profesional de SAVIA y Ministerio de Ambiente y Desarrollo Sostenible<\/li>\n<\/ul>\n<h4 style=\"text-align: left;\">09:00-10:00 hrs. <span style=\"color: #ff9900;\">Taller Virtual<\/span><\/h4>\n<p><em>Huella de carbono<\/em><\/p>\n<ul>\n<li><strong>Gina Ojeda<\/strong>, Licenciada en Biolog\u00eda biling\u00fce con \u00e9nfasis en Biolog\u00eda de la Conservaci\u00f3n y Ecolog\u00eda Tropical. Profesional del Ministerio de Ambiente y Desarrollo Sostenible de Colombia.<\/li>\n<li><strong>Daniela Villalba<\/strong>, Ingeniera Ambiental, especialista en ambiente y desarrollo local. Profesional del Ministerio de Ambiente y Desarrollo Sostenible de Colombia.<\/li>\n<\/ul>\n<p>[\/vc_column_text][vc_column_text]<\/p>\n<h4 style=\"text-align: left;\">14:00-14:45 hrs. <span style=\"color: #ff9900;\">Conferencia<\/span><\/h4>\n<p><em>La agricultura y el cambio clim\u00e1tico<\/em><\/p>\n<ul>\n<li><strong>Maria Andrea Usc\u00e1tegui<\/strong>, Directora Ejecutiva de la Asociaci\u00f3n de Biotecnolog\u00eda Vegetal Agr\u00edcola, Agro-B\u00edo para la regi\u00f3n Andina<\/li>\n<\/ul>\n<p>[\/vc_column_text][vc_column_text]<\/p>\n<h4>14:45-15:00 hrs. <span style=\"color: #ff9900;\">Caf\u00e9<\/span><\/h4>\n<p>[\/vc_column_text][vc_column_text]<\/p>\n<h4 style=\"text-align: left;\">15:00-15:30 hrs. <span style=\"color: #ff9900;\">Resultados\u00a0#Desaf\u00edoAdaptaci\u00f3nClim\u00e1tica<\/span><\/h4>\n<p>Presentaci\u00f3n del mapa interactivo de iniciativas de adaptaci\u00f3n clim\u00e1tica en Am\u00e9rica Latina<\/p>\n<ul>\n<li><span style=\"font-weight: 400;\"><strong>Pilar Reyes.<\/strong> Directora del Programa ECBI de la Universidad de Chile<\/span><\/li>\n<li><strong>Claudia Robles<\/strong>.Coordinadora de INNOVEC<\/li>\n<li><strong>Carlos Saavedra<\/strong>. Consultor en Acci\u00f3n para el Empoderamiento Clim\u00e1tico, Ministerio para la Educaci\u00f3n Nacional de Colombia<\/li>\n<\/ul>\n<p>[\/vc_column_text][vc_column_text]<\/p>\n<h4 style=\"text-align: left;\">15:30-16:00 hrs. <span style=\"color: #ff9900;\">Cierre de la Conferencia version 2022<\/span><\/h4>\n<ul>\n<li style=\"font-weight: 400;\"><strong>Claudia Robles:<\/strong> Proyectos a presentar en II Encuentro Red STEM Latam M\u00e9xico \u2013 NOV 2022<\/li>\n<li style=\"font-weight: 400;\"><strong>Mauricio Duque:<\/strong> Proyecciones a partir del Proyecto ALEC, Colombia<\/li>\n<li><span style=\"font-weight: 400;\"><strong>Djian Sadadou:<\/strong> Proyectos para Teachers COP -27<\/span><\/li>\n<li><span style=\"font-weight: 400;\"><strong>Ulrike Wahl:<\/strong> Proyecciones para RED STEM Latam-Cierre Global. Fundaci\u00f3n Siemens Stiftung Oficina Regional Latam.<\/span><\/li>\n<li><span style=\"font-weight: 400;\"><strong>Pilar Reyes:<\/strong> Conclusiones y cierre en conjunto con Fundaci\u00f3n Siemens Stiftung Oficina Regional Latam.<\/span><\/li>\n<\/ul>\n<p>[\/vc_column_text][\/vc_column_inner][\/vc_row_inner][vc_row_inner content_placement=&#8221;top&#8221; gap=&#8221;4&#8243;][vc_column_inner][vc_custom_heading text=&#8221;Programa jueves 30 de junio&#8221; font_container=&#8221;tag:h3|text_align:center|color:%23ffffff&#8221; use_theme_fonts=&#8221;yes&#8221; css=&#8221;.vc_custom_1655507335145{padding-top: 10px !important;padding-right: 10px !important;padding-bottom: 10px !important;padding-left: 10px !important;background-color: #2aa000 !important;}&#8221;][vc_column_text]<\/p>\n<p style=\"text-align: center;\"><em>Programa sujeto a modificaciones \/ Hora local M\u00e9xico, en Chile es +1 hora<\/em><\/p>\n<p style=\"text-align: center;\"><em><a href=\"https:\/\/www.youtube.com\/watch?v=vLkz0GW2ATI\" target=\"_blank\" rel=\"noopener\"><span style=\"color: #ff0000;\">Transmisi\u00f3n en <\/span><span style=\"color: #ff0000;\">vivo <\/span><img loading=\"lazy\" class=\"wp-image-123 alignnone\" src=\"http:\/\/ciecc.cr2.cl\/wp-content\/uploads\/2022\/06\/youtube_icon.png\" alt=\"\" width=\"15\" height=\"15\" \/><\/a><\/em><\/p>\n<p>[\/vc_column_text][\/vc_column_inner][\/vc_row_inner][vc_row_inner][vc_column_inner width=&#8221;1\/2&#8243;][vc_column_text]<\/p>\n<h4>11:30-13:00 hrs. <span style=\"color: #ff9900;\">Panel de expertos<\/span><\/h4>\n<p><em>Cambios e innovaciones en los procesos de ense\u00f1anza aprendizaje.<\/em><\/p>\n<ul>\n<li><strong>Andr\u00e9s Mu\u00f1oz.<\/strong> Director de la Oficina de Innovaci\u00f3n del Ministerio de Educaci\u00f3n de Colombia.<\/li>\n<li><strong>Jos\u00e9 Escamilla.<\/strong> Director del Instituto para el Futuro de la Educaci\u00f3n, Tecnol\u00f3gico de Monterrey<\/li>\n<li><strong>Adolfo Rodr\u00edguez. <\/strong>Coordinador de Programa en Educaci\u00f3n, Oficina de la UNESCO en M\u00e9xico<\/li>\n<li><strong>Monserrat Creamer.<\/strong> Ex Ministra de Educaci\u00f3n de Ecuador<\/li>\n<\/ul>\n<p><strong>Modera:<\/strong> <strong>Rogelio Tinoco<\/strong>. Subsecretario de Educaci\u00f3n B\u00e1sica del Estado de M\u00e9xico[\/vc_column_text][vc_column_text]<\/p>\n<h4>13:00-14:00 hrs. <span style=\"color: #ff9900;\">Conferencia Magistral<\/span><\/h4>\n<p><em><span style=\"font-weight: 400;\">La Red STEM Latinoam\u00e9rica: ejercicio colaborativo interregional e intersectorial para una cartograf\u00eda din\u00e1mica para el desarrollo integral de Territorios<\/span><\/em><\/p>\n<p><em><span style=\"font-weight: 400;\">Hacia la innovaci\u00f3n educativa como un ejercicio co constructivo<\/span><\/em><\/p>\n<ul>\n<li><b>Ulrike Wahl.<\/b><span style=\"font-weight: 400;\"> Representante de la Fundaci\u00f3n Internacional Siemens Stiftung para Am\u00e9rica Latina.<\/span><\/li>\n<\/ul>\n<p><b>Presentaci\u00f3n de Recursos Educativos para la Educaci\u00f3n STEM para el Desarrollo Sustentable<\/b><\/p>\n<ul>\n<li><strong>Experimento Blended &#8211;\u00a0<\/strong><b>Nina Ibaceta.<\/b><span style=\"font-weight: 400;\"> Investigadora del CIDSTEM, Pontificia Universidad Cat\u00f3lica de Valpara\u00edso.<\/span><\/li>\n<li><strong>Curso en l\u00ednea de Cambio Clim\u00e1tico &#8211;\u00a0<\/strong><b>Irene Reyes. <\/b><span style=\"font-weight: 400;\">Programa ECBI -Universidad de Chile\u00a0<\/span><\/li>\n<li><strong>Videos de Educaci\u00f3n STEM para el Desarrollo Sustentable &#8211;\u00a0<\/strong><b>Claudia Robles.<\/b><span style=\"font-weight: 400;\"> Coordinadora de INNOVEC<\/span><\/li>\n<\/ul>\n<p><span style=\"font-weight: 400;\"><strong>Proyecto MICA<\/strong><\/span><\/p>\n<ul>\n<li><b>Andoni Arenas<\/b><strong>.<\/strong> Profesor del Instituto de Geograf\u00eda e Investigador del Centro de Investigaci\u00f3n en Did\u00e1ctica de las Ciencias y Educaci\u00f3n STEM. Pontificia Universidad Cat\u00f3lica de Valpara\u00edso<\/li>\n<\/ul>\n<p>[\/vc_column_text][\/vc_column_inner][vc_column_inner width=&#8221;1\/2&#8243;][vc_column_text]<\/p>\n<h4 style=\"text-align: left;\">14:00-16:00 hrs. <span style=\"color: #ff9900;\">Taller VIRTUAL<\/span><\/h4>\n<p><em><span style=\"font-weight: 400;\">Biodise\u00f1o para la Adaptaci\u00f3n al Cambio Clim\u00e1tico.<\/span><\/em><\/p>\n<ul>\n<li><strong>Giovanna Danies,<\/strong>\u00a0<strong>Mar\u00eda Paula Bar\u00f3n Aristizabal y Maria Alejandra Agudelo<\/strong>, Universidad de Los Andes, Colombia<\/li>\n<\/ul>\n<p>[\/vc_column_text][vc_column_text]<\/p>\n<h4 style=\"text-align: left;\">16:00-17:00 hrs. <span style=\"color: #ff9900;\">Conferencia Magistral<\/span><\/h4>\n<p><em>La educaci\u00f3n socioemocional como motor para transformar la escuela, familia y comunidad<\/em><\/p>\n<p><strong>Modera: Jorge Eleazar Garc\u00eda Mart\u00ednez<\/strong>[\/vc_column_text][vc_column_text]<\/p>\n<h4 style=\"text-align: left;\">17:00-18:00 hrs. <span style=\"color: #ff9900;\">Conferencia Magistral<\/span><\/h4>\n<p><em>La escuela como espacio seguro<\/em><\/p>\n<ul>\n<li><strong>Alexandra Agudelo Ruiz, <\/strong>Secretar\u00eda de Educaci\u00f3n de Medell\u00edn<\/li>\n<\/ul>\n<p><strong>Modera:\u00a0Licenciada Elizabeth Mar\u00eda del Pilar Ozuma Rivero<\/strong>, Directora General del Consejo para la Convivencia Escolar[\/vc_column_text][vc_column_text]<\/p>\n<h4 style=\"text-align: left;\">18:00-18:15 hrs. <span style=\"color: #ff9900;\">Mensaje de cierre<\/span><\/h4>\n<ul>\n<li><strong>Guillermo Legorreta Mart\u00ednez, <\/strong>Director General de SEIEM<\/li>\n<\/ul>\n<p>[\/vc_column_text][\/vc_column_inner][\/vc_row_inner][vc_empty_space height=&#8221;12px&#8221;][vc_custom_heading text=&#8221;Programa mi\u00e9rcoles 29 de junio&#8221; font_container=&#8221;tag:h3|text_align:center|color:%23ffffff&#8221; use_theme_fonts=&#8221;yes&#8221; css=&#8221;.vc_custom_1655506602443{padding-top: 10px !important;padding-right: 10px !important;padding-bottom: 10px !important;padding-left: 10px !important;background-color: #004b93 !important;}&#8221;][vc_column_text]<\/p>\n<p style=\"text-align: center;\"><em>Programa sujeto a modificaciones\u00a0 \/\u00a0 Hora local M\u00e9xico, en Chile es +1 hora<br \/>\n<a href=\"https:\/\/www.youtube.com\/watch?v=lXgR4bnT4o0\" target=\"_blank\" rel=\"noopener\"><span style=\"color: #ff0000;\">Transmisi\u00f3n en <\/span><span style=\"color: #ff0000;\">vivo <\/span><img loading=\"lazy\" class=\"wp-image-123 alignnone\" src=\"http:\/\/ciecc.cr2.cl\/wp-content\/uploads\/2022\/06\/youtube_icon.png\" alt=\"\" width=\"15\" height=\"15\" \/><\/a><br \/>\n<\/em><\/p>\n<p>[\/vc_column_text][vc_empty_space height=&#8221;12px&#8221;][vc_row_inner][vc_column_inner width=&#8221;1\/2&#8243;][vc_column_text]<\/p>\n<h4 style=\"text-align: left;\">09:00-09:30 hrs. <span style=\"color: #6dab3c;\"><span style=\"color: #ff9900;\">Ceremonia Inauguraci\u00f3n<\/span><\/span><\/h4>\n<ul>\n<li><b>Guillermo Legorreta. <\/b><span style=\"font-weight: 400;\">Director General de SEIEM<\/span><\/li>\n<li><strong>Maximiliano Proa\u00f1o<\/strong>, Subsecretario Ministerio del Medio Ambiente, Chile<\/li>\n<li><b>Rosa Dev\u00e9s. <\/b><span style=\"font-weight: 400;\">Rectora de la Universidad de Chile<\/span><\/li>\n<li><strong>Gonzalo Mu\u00f1oz Abogabir<\/strong>. United Nations Climate Champion COP25 y COP26. Cofundador de TriCiclos, Manuia, SistemaB y Polkura<\/li>\n<li><b>Nina Smidt. <\/b><span style=\"font-weight: 400;\">Directora Ejecutiva Siemens Stiftung Alemania<\/span><\/li>\n<li><b>Ulrike Wahl.<\/b><span style=\"font-weight: 400;\"> Representante de la Oficina Regional de la Fundaci\u00f3n Siemens Stiftung para Latinoam\u00e9rica.<\/span><b>\u00a0<\/b><\/li>\n<li><b>David Wilgenbus.<\/b><span style=\"font-weight: 400;\"> Director de la Oficina de Educaci\u00f3n Clim\u00e1tica (OCE)\u00a0<\/span><\/li>\n<li><b>Guillermo Fern\u00e1ndez.<\/b><span style=\"font-weight: 400;\"> Consejero de INNOVEC<\/span><\/li>\n<li><b>Gerardo Monroy.<\/b><span style=\"font-weight: 400;\"> Secretario de Educaci\u00f3n del Estado de M\u00e9xico<\/span><\/li>\n<\/ul>\n<p>[\/vc_column_text][vc_column_text]<\/p>\n<h4>09:30-09:40 hrs.<span style=\"color: #ff9900;\"> Lanzamiento #Desaf\u00edoAdaptaci\u00f3nClim\u00e1tica \u00a0<\/span><\/h4>\n<div>\n<p><em><strong>Construyendo un mapa interactivo de iniciativas de adaptaci\u00f3n clim\u00e1tica en Am\u00e9rica Latina<\/strong><\/em><\/p>\n<ul>\n<li><span style=\"font-weight: 400;\"><strong>Pilar Reyes.<\/strong> Directora del Programa ECBI de la Universidad de Chile<\/span><\/li>\n<\/ul>\n<\/div>\n<p>[\/vc_column_text][vc_column_text]<\/p>\n<h4 style=\"text-align: left;\">09:40-10:40 hrs. <span style=\"color: #ff9900;\">Conferencias<\/span><\/h4>\n<p><em><span style=\"font-weight: 400;\">&#8220;\u00bfC\u00f3mo educamos para aumentar resiliencia al cambio clim\u00e1tico que permitan adoptar medidas de adaptaci\u00f3n?&#8221;<\/span><\/em><\/p>\n<ul>\n<li><b>Roberto Araya.<\/b><span style=\"font-weight: 400;\"> Profesor Titular, IE- CIAE, Universidad de Chile<\/span><\/li>\n<li><b>Paulina Aldunce<\/b><span style=\"font-weight: 400;\">. Investigadora del (CR)2, Profesora Titular, Universidad de Chile<\/span><span style=\"font-weight: 400;\">\u00a0<\/span><\/li>\n<\/ul>\n<p>[\/vc_column_text][vc_column_text]<\/p>\n<h4 style=\"text-align: left;\">10:40-11:40 hrs. <span style=\"color: #ff9900;\">Mensaje introductorio y Conferencia Magistral<\/span><\/h4>\n<p><em><span style=\"font-weight: 400;\">Los Fundamentos de la Educaci\u00f3n en Cambio Clim\u00e1tico y Desarrollo Sostenible<\/span><\/em><\/p>\n<ul>\n<li><strong><strong>Nina Smidt. <\/strong><\/strong>Directora de la Fundaci\u00f3n Siemens Stiftung<\/li>\n<li><strong><strong>Pierre L\u00e9na. <\/strong><\/strong>Presidente Honorario de la Oficina de Educaci\u00f3n Clim\u00e1tica<\/li>\n<\/ul>\n<p>[\/vc_column_text][vc_column_text]<\/p>\n<h4 style=\"text-align: left;\">11:40-12:00 hrs. <span style=\"color: #ff9900;\">Receso &#8211; Caf\u00e9 &#8211;\u00a0<\/span><\/h4>\n<p>[\/vc_column_text][\/vc_column_inner][vc_column_inner width=&#8221;1\/2&#8243;][vc_column_text]<\/p>\n<h4 style=\"text-align: left;\">12:00-13:00 hrs. <span style=\"color: #ff9900;\">Panel de expertos<\/span><\/h4>\n<p style=\"text-align: left;\"><strong><em>Programas Educativos Co-construidos con las Comunidades Educativas y otros Actores de Am\u00e9rica Latina que nos llevan a la Acci\u00f3n Clim\u00e1tica<\/em><\/strong><\/p>\n<ul>\n<li><span style=\"font-weight: 400;\"><strong>Guillermo Fern\u00e1ndez.<\/strong> Consejero de INNOVEC<\/span><\/li>\n<li><span style=\"font-weight: 400;\"><strong>Pilar Reyes.<\/strong> Directora del Programa ECBI de la Universidad de Chile<\/span><\/li>\n<li><span style=\"font-weight: 400;\"><strong>Natalia Ucr\u00f3s<\/strong>. Coordinadora de Ni\u00f1ez, Fondo Acci\u00f3n<\/span><\/li>\n<li><span style=\"font-weight: 400;\"><strong>Guillermo Legorreta.<\/strong> Director General de SEIEM<br \/>\n<\/span><\/li>\n<\/ul>\n<p><span style=\"font-weight: 400;\">Modera: <\/span><strong>Andoni Arenas.<\/strong> Profesor Instituto de Geograf\u00eda e Investigador del Centro de Investigaci\u00f3n en Did\u00e1ctica de las Ciencias y Educaci\u00f3n STEM. Pontificia Universidad Cat\u00f3lica de Valpara\u00edso<\/p>\n<h4 style=\"text-align: left;\">13:00-13:15 hrs. <span style=\"color: #ff9900;\">Sesi\u00f3n de preguntas y respuestas<\/span><\/h4>\n<p>[\/vc_column_text][vc_column_text]<\/p>\n<h4 style=\"text-align: left;\">13:15-13:30 hrs. <span style=\"color: #ff9900;\">Cierre de la Conferencia<\/span><\/h4>\n<ul>\n<li><b>Dr. Guillermo Legorreta,<\/b><span style=\"font-weight: 400;\"> Director General de SEIEM<\/span><\/li>\n<\/ul>\n<p>[\/vc_column_text][vc_column_text]<\/p>\n<h4 style=\"text-align: left;\">13:30-15:30 hrs. <span style=\"color: #ff9900;\">Taller H\u00cdBRIDO<\/span><\/h4>\n<p><strong><em>\u00bfC\u00f3mo introducir la educaci\u00f3n en Cambio Clim\u00e1tico y Desarrollo Sostenible en la escuela?<\/em><\/strong><\/p>\n<ul>\n<li><strong>Irene Reyes. <\/strong>Programa ECBI -U de Chile e INNOVEC-M\u00e9xico<\/li>\n<\/ul>\n<p>[\/vc_column_text][vc_column_text]<\/p>\n<h4 style=\"text-align: left;\">16:00-18:00 hrs. <span style=\"color: #ff9900;\">Taller H\u00cdBRIDO<\/span><\/h4>\n<p><strong><em>Ense\u00f1ando sobre el Cambio Clim\u00e1tico con el Recurso Mica (Mapa Interactivo para la Ense\u00f1anza del Cambio Clim\u00e1tico en la Escuela)<\/em><\/strong><\/p>\n<ul>\n<li><strong>Andoni Arenas.<\/strong> Profesor Instituto de Geograf\u00eda e Investigador del Centro de Investigaci\u00f3n en Did\u00e1ctica de las Ciencias y Educaci\u00f3n STEM. Pontificia Universidad Cat\u00f3lica de Valpara\u00edso.<\/li>\n<\/ul>\n<p>[\/vc_column_text][vc_column_text]<\/p>\n<h4 style=\"text-align: left;\">16:00-18:00 hrs. <span style=\"color: #ff9900;\">Taller H\u00cdBRIDO<\/span><\/h4>\n<p><strong><em>Agricultura y Huella de carbono \u00bfC\u00f3mo afecta lo que consumimos?<\/em><\/strong><\/p>\n<ul>\n<li><strong>Claudia Robles<\/strong>, Coordinadora de INNOVEC<\/li>\n<li><strong>Yair Rivera,<\/strong> L\u00edder de Proyecto de INNOVEC<\/li>\n<li><strong>Romina Morales. <\/strong>L\u00edder de Proyecto de INNOVEC<\/li>\n<\/ul>\n<p><em><a href=\"https:\/\/www.youtube.com\/watch?v=B648kZgbClU\" target=\"_blank\" rel=\"noopener\"><span style=\"color: #ff0000;\">Mira la transmisi\u00f3n en <\/span><span style=\"color: #ff0000;\">vivo aqu\u00ed <\/span><img loading=\"lazy\" class=\"wp-image-123 alignnone\" src=\"http:\/\/ciecc.cr2.cl\/wp-content\/uploads\/2022\/06\/youtube_icon.png\" alt=\"\" width=\"15\" height=\"15\" \/><\/a><\/em>[\/vc_column_text][\/vc_column_inner][\/vc_row_inner][vc_empty_space height=&#8221;12px&#8221;][\/vc_tta_section][vc_tta_section title=&#8221;EXPOSITORES&#8221; tab_id=&#8221;expositores&#8221;][vc_empty_space height=&#8221;10&#8243;][vc_custom_heading text=&#8221;EXPOSITORES&#8221; font_container=&#8221;tag:h3|text_align:center|color:%23ffffff&#8221; use_theme_fonts=&#8221;yes&#8221; css=&#8221;.vc_custom_1654627783168{padding-top: 10px !important;padding-right: 10px !important;padding-bottom: 10px !important;padding-left: 10px !important;background-color: #ff9900 !important;}&#8221;][vc_column_text]<\/p>\n<h4 style=\"text-align: center;\"><span style=\"color: #000000;\">En orden alfab\u00e9tico.<\/span><\/h4>\n<p>[\/vc_column_text][vc_row_inner][vc_column_inner width=&#8221;1\/6&#8243;][vc_column_text]<\/p>\n<h4 style=\"text-align: center;\"><span style=\"color: #ff9900;\"><img loading=\"lazy\" class=\"alignnone wp-image-135 size-full\" src=\"http:\/\/ciecc.cr2.cl\/wp-content\/uploads\/2022\/06\/AAgudelo.jpg\" alt=\"\" width=\"200\" height=\"230\" \/><br \/>\nMar\u00eda Alejandra Agudelo<\/span><\/h4>\n<p style=\"text-align: center;\"><a href=\"#wow-modal-id-13\">Ver biograf\u00eda<\/a><\/p>\n<p>[\/vc_column_text][\/vc_column_inner][vc_column_inner width=&#8221;1\/6&#8243;][vc_column_text]<\/p>\n<h4 style=\"text-align: center;\"><span style=\"color: #ff9900;\"><img loading=\"lazy\" class=\"alignnone size-full wp-image-85\" src=\"http:\/\/ciecc.cr2.cl\/wp-content\/uploads\/2022\/06\/Paulina_Aldunce_200.jpg\" alt=\"\" width=\"200\" height=\"230\" \/><br \/>\nPaulina Aldunce<\/span><\/h4>\n<p style=\"text-align: center;\"><a href=\"#wow-modal-id-1\">Ver biograf\u00eda<\/a><\/p>\n<p>[\/vc_column_text][\/vc_column_inner][vc_column_inner width=&#8221;1\/6&#8243;][vc_column_text]<\/p>\n<h4 style=\"text-align: center;\"><span style=\"color: #ff9900;\"><img loading=\"lazy\" class=\"alignnone wp-image-106 size-full\" src=\"http:\/\/ciecc.cr2.cl\/wp-content\/uploads\/2022\/06\/Roberto_Araya_200.jpg\" alt=\"\" width=\"200\" height=\"230\" \/><br \/>\nRoberto Araya<\/span><\/h4>\n<p style=\"text-align: center;\"><a href=\"#wow-modal-id-3\">Ver biograf\u00eda<\/a><\/p>\n<p>[\/vc_column_text][\/vc_column_inner][vc_column_inner width=&#8221;1\/6&#8243;][vc_column_text]<\/p>\n<h4 style=\"text-align: center;\"><span style=\"color: #ff9900;\"><img loading=\"lazy\" class=\"alignnone wp-image-150 size-full\" src=\"http:\/\/ciecc.cr2.cl\/wp-content\/uploads\/2022\/06\/AArenas.jpg\" alt=\"\" width=\"200\" height=\"230\" \/><br \/>\nAndoni Arenas<\/span><\/h4>\n<p style=\"text-align: center;\"><a href=\"#wow-modal-id-19\">Ver biograf\u00eda<\/a><\/p>\n<p>[\/vc_column_text][\/vc_column_inner][vc_column_inner width=&#8221;1\/6&#8243;][vc_column_text]<\/p>\n<h4 style=\"text-align: center;\"><span style=\"color: #ff9900;\"><img loading=\"lazy\" class=\"alignnone wp-image-141 size-full\" src=\"http:\/\/ciecc.cr2.cl\/wp-content\/uploads\/2022\/06\/MPBaron.jpg\" alt=\"\" width=\"200\" height=\"230\" \/><br \/>\nMaria Paula Bar\u00f3n Aristizabal<\/span><\/h4>\n<p style=\"text-align: center;\"><a href=\"#wow-modal-id-10\">Ver biograf\u00eda<\/a><\/p>\n<p>[\/vc_column_text][\/vc_column_inner][vc_column_inner width=&#8221;1\/6&#8243;][vc_column_text]<\/p>\n<h4 style=\"text-align: center;\"><span style=\"color: #ff9900;\"><img loading=\"lazy\" class=\"alignnone wp-image-198 size-full\" src=\"http:\/\/ciecc.cr2.cl\/wp-content\/uploads\/2022\/06\/Mcreamer.png\" alt=\"\" width=\"200\" height=\"230\" \/><br \/>\nMonserrat Creamer<\/span><\/h4>\n<p style=\"text-align: center;\"><a href=\"#wow-modal-id-28\">Ver biograf\u00eda<\/a><\/p>\n<p>[\/vc_column_text][\/vc_column_inner][\/vc_row_inner][vc_row_inner][vc_column_inner width=&#8221;1\/6&#8243;][vc_column_text]<\/p>\n<h4 style=\"text-align: center;\"><span style=\"color: #ff9900;\"><img loading=\"lazy\" class=\"alignnone wp-image-104 size-full\" src=\"http:\/\/ciecc.cr2.cl\/wp-content\/uploads\/2022\/06\/Givanna_Danies_200.jpg\" alt=\"\" width=\"200\" height=\"230\" \/><br \/>\nGiovanna Danies<\/span><\/h4>\n<p style=\"text-align: center;\"><a href=\"#wow-modal-id-4\">Ver biograf\u00eda<\/a><\/p>\n<p>[\/vc_column_text][\/vc_column_inner][vc_column_inner width=&#8221;1\/6&#8243;][vc_column_text]<\/p>\n<h4 style=\"text-align: center;\"><span style=\"color: #ff9900;\"><img loading=\"lazy\" class=\"alignnone wp-image-133 size-full\" src=\"http:\/\/ciecc.cr2.cl\/wp-content\/uploads\/2022\/06\/RosaDeves.jpg\" alt=\"\" width=\"200\" height=\"230\" \/><br \/>\nRosa Dev\u00e9s<\/span><\/h4>\n<p style=\"text-align: center;\"><a href=\"#wow-modal-id-8\">Ver biograf\u00eda<\/a><\/p>\n<p>[\/vc_column_text][\/vc_column_inner][vc_column_inner width=&#8221;1\/6&#8243;][vc_column_text]<\/p>\n<h4 style=\"text-align: center;\"><span style=\"color: #ff9900;\"><img loading=\"lazy\" class=\"alignnone wp-image-196 size-full\" src=\"http:\/\/ciecc.cr2.cl\/wp-content\/uploads\/2022\/06\/JEscamilla.png\" alt=\"\" width=\"200\" height=\"230\" \/><br \/>\nJos\u00e9 Escamilla<\/span><\/h4>\n<p style=\"text-align: center;\"><a href=\"#wow-modal-id-27\">Ver biograf\u00eda<\/a><\/p>\n<p>[\/vc_column_text][\/vc_column_inner][vc_column_inner width=&#8221;1\/6&#8243;][vc_column_text]<\/p>\n<h4 style=\"text-align: center;\"><span style=\"color: #ff9900;\"><img loading=\"lazy\" class=\"alignnone wp-image-151 size-full\" src=\"http:\/\/ciecc.cr2.cl\/wp-content\/uploads\/2022\/06\/GFernandez.jpg\" alt=\"\" width=\"200\" height=\"230\" \/><br \/>\nGuillermo Fern\u00e1ndez<\/span><\/h4>\n<p style=\"text-align: center;\"><a href=\"#wow-modal-id-20\">Ver biograf\u00eda<\/a><\/p>\n<p>[\/vc_column_text][\/vc_column_inner][vc_column_inner width=&#8221;1\/6&#8243;][vc_column_text]<\/p>\n<h4 style=\"text-align: center;\"><span style=\"color: #ff9900;\"><img loading=\"lazy\" class=\"alignnone wp-image-197 size-full\" src=\"http:\/\/ciecc.cr2.cl\/wp-content\/uploads\/2022\/06\/JGarcia.png\" alt=\"\" width=\"200\" height=\"230\" \/><br \/>\nJorge Eleazar Garc\u00eda Mart\u00ednez<\/span><\/h4>\n<p style=\"text-align: center;\"><a href=\"#wow-modal-id-31\">Ver biograf\u00eda<\/a><\/p>\n<p>[\/vc_column_text][\/vc_column_inner][vc_column_inner width=&#8221;1\/6&#8243;][vc_column_text]<\/p>\n<h4 style=\"text-align: center;\"><span style=\"color: #ff9900;\"><img loading=\"lazy\" class=\"alignnone wp-image-202 size-full\" src=\"http:\/\/ciecc.cr2.cl\/wp-content\/uploads\/2022\/06\/Sgraber.png\" alt=\"\" width=\"200\" height=\"230\" \/><br \/>\nShulamit Graber Dubovoy<\/span><\/h4>\n<p style=\"text-align: center;\"><a href=\"#wow-modal-id-32\">Ver biograf\u00eda<\/a><\/p>\n<p>[\/vc_column_text][\/vc_column_inner][\/vc_row_inner][vc_row_inner][vc_column_inner width=&#8221;1\/6&#8243;][vc_column_text]<\/p>\n<h4 style=\"text-align: center;\"><span style=\"color: #ff9900;\"><img loading=\"lazy\" class=\"alignnone wp-image-113 size-full\" src=\"http:\/\/ciecc.cr2.cl\/wp-content\/uploads\/2022\/06\/ElizabethHodson.jpg\" alt=\"\" width=\"200\" height=\"230\" \/><br \/>\nElizabeth Hodson de Jaramillo<\/span><\/h4>\n<p style=\"text-align: center;\"><a href=\"#wow-modal-id-5\">Ver biograf\u00eda<\/a><\/p>\n<p>[\/vc_column_text][\/vc_column_inner][vc_column_inner width=&#8221;1\/6&#8243;][vc_column_text]<\/p>\n<h4 style=\"text-align: center;\"><span style=\"color: #ff9900;\"><img loading=\"lazy\" class=\"alignnone wp-image-200 size-full\" src=\"http:\/\/ciecc.cr2.cl\/wp-content\/uploads\/2022\/06\/NIbaceta.png\" alt=\"\" width=\"200\" height=\"230\" \/><br \/>\nNina Ibaceta<\/span><\/h4>\n<p style=\"text-align: center;\"><a href=\"#wow-modal-id-30\">Ver biograf\u00eda<\/a><\/p>\n<p>[\/vc_column_text][\/vc_column_inner][vc_column_inner width=&#8221;1\/6&#8243;][vc_column_text]<\/p>\n<h4 style=\"text-align: center;\"><span style=\"color: #ff9900;\"><img loading=\"lazy\" class=\"alignnone wp-image-149 size-full\" src=\"http:\/\/ciecc.cr2.cl\/wp-content\/uploads\/2022\/06\/GLegorreta.jpg\" alt=\"\" width=\"200\" height=\"230\" \/><br \/>\nGuillermo Legorreta Mart\u00ednez<\/span><\/h4>\n<p style=\"text-align: center;\"><a href=\"#wow-modal-id-18\">Ver biograf\u00eda<\/a><\/p>\n<p>[\/vc_column_text][\/vc_column_inner][vc_column_inner width=&#8221;1\/6&#8243;][vc_column_text]<\/p>\n<h4 style=\"text-align: center;\"><span style=\"color: #ff9900;\"><img loading=\"lazy\" class=\"alignnone wp-image-148 size-full\" src=\"http:\/\/ciecc.cr2.cl\/wp-content\/uploads\/2022\/06\/PLena.jpg\" alt=\"\" width=\"200\" height=\"230\" \/><br \/>\nPierre L\u00e9na<\/span><\/h4>\n<p style=\"text-align: center;\"><a href=\"#wow-modal-id-17\">Ver biograf\u00eda<\/a><\/p>\n<p>[\/vc_column_text][\/vc_column_inner][vc_column_inner width=&#8221;1\/6&#8243;][vc_column_text]<\/p>\n<h4 style=\"text-align: center;\"><span style=\"color: #ff9900;\"><img loading=\"lazy\" class=\"alignnone wp-image-152 size-full\" src=\"http:\/\/ciecc.cr2.cl\/wp-content\/uploads\/2022\/06\/RMorales.jpg\" alt=\"\" width=\"200\" height=\"230\" \/><br \/>\nRomina Morales<\/span><\/h4>\n<p style=\"text-align: center;\"><a href=\"#wow-modal-id-21\">Ver biograf\u00eda<\/a><\/p>\n<p>[\/vc_column_text][\/vc_column_inner][vc_column_inner width=&#8221;1\/6&#8243;][vc_column_text]<\/p>\n<h4 style=\"text-align: center;\"><span style=\"color: #ff9900;\"><img loading=\"lazy\" class=\"alignnone wp-image-194 size-full\" src=\"http:\/\/ciecc.cr2.cl\/wp-content\/uploads\/2022\/06\/Amunoz.png\" alt=\"\" width=\"200\" height=\"230\" \/><br \/>\nAndr\u00e9s Mu\u00f1oz<\/span><\/h4>\n<p style=\"text-align: center;\"><a href=\"#wow-modal-id-25\">Ver biograf\u00eda<\/a><\/p>\n<p>[\/vc_column_text][\/vc_column_inner][\/vc_row_inner][vc_row_inner][vc_column_inner width=&#8221;1\/6&#8243;][vc_column_text]<\/p>\n<h4 style=\"text-align: center;\"><span style=\"color: #ff9900;\"><img loading=\"lazy\" class=\"alignnone wp-image-136 size-full\" src=\"http:\/\/ciecc.cr2.cl\/wp-content\/uploads\/2022\/06\/Natalie_Nicetto_200.jpg\" alt=\"\" width=\"200\" height=\"230\" \/><br \/>\nNatalie Nicetto<\/span><\/h4>\n<p style=\"text-align: center;\"><a href=\"#wow-modal-id-14\">Ver biograf\u00eda<\/a><\/p>\n<p>[\/vc_column_text][\/vc_column_inner][vc_column_inner width=&#8221;1\/6&#8243;][vc_column_text]<\/p>\n<h4 style=\"text-align: center;\"><span style=\"color: #ff9900;\"><img loading=\"lazy\" class=\"alignnone wp-image-230 size-full\" src=\"http:\/\/ciecc.cr2.cl\/wp-content\/uploads\/2022\/07\/GOjeda.jpg\" alt=\"\" width=\"200\" height=\"230\" \/><br \/>\nGina Ojeda<\/span><\/h4>\n<p style=\"text-align: center;\"><a href=\"#wow-modal-id-35\">Ver biograf\u00eda<\/a><\/p>\n<p>[\/vc_column_text][\/vc_column_inner][vc_column_inner width=&#8221;1\/6&#8243;][vc_column_text]<\/p>\n<h4 style=\"text-align: center;\"><span style=\"color: #ff9900;\"><img loading=\"lazy\" class=\"alignnone wp-image-232 size-full\" src=\"http:\/\/ciecc.cr2.cl\/wp-content\/uploads\/2022\/07\/JOrdonez.jpg\" alt=\"\" width=\"200\" height=\"230\" \/><br \/>\nJuanita Ordo\u00f1ez<\/span><\/h4>\n<p style=\"text-align: center;\"><a href=\"#wow-modal-id-37\">Ver biograf\u00eda<\/a><\/p>\n<p>[\/vc_column_text][\/vc_column_inner][vc_column_inner width=&#8221;1\/6&#8243;][vc_column_text]<\/p>\n<h4 style=\"text-align: center;\"><span style=\"color: #ff9900;\"><img loading=\"lazy\" class=\"alignnone wp-image-231 size-full\" src=\"http:\/\/ciecc.cr2.cl\/wp-content\/uploads\/2022\/07\/JPembethy.jpg\" alt=\"\" width=\"200\" height=\"230\" \/><br \/>\nJes\u00fas Pemberthy Cogollo<\/span><\/h4>\n<p style=\"text-align: center;\"><a href=\"#wow-modal-id-36\">Ver biograf\u00eda<\/a><\/p>\n<p>[\/vc_column_text][\/vc_column_inner][vc_column_inner width=&#8221;1\/6&#8243;][vc_column_text]<\/p>\n<h4 style=\"text-align: center;\"><span style=\"color: #ff9900;\"><img loading=\"lazy\" class=\"alignnone wp-image-199 size-full\" src=\"http:\/\/ciecc.cr2.cl\/wp-content\/uploads\/2022\/06\/MProano.png\" alt=\"\" width=\"200\" height=\"230\" \/><br \/>\nMaximiliano Proa\u00f1o Ugalde<\/span><\/h4>\n<p style=\"text-align: center;\"><a href=\"#wow-modal-id-26\">Ver biograf\u00eda<\/a><\/p>\n<p>[\/vc_column_text][\/vc_column_inner][vc_column_inner width=&#8221;1\/6&#8243;][vc_column_text]<\/p>\n<h4 style=\"text-align: center;\"><span style=\"color: #ff9900;\"><img loading=\"lazy\" class=\"alignnone wp-image-140 size-full\" src=\"http:\/\/ciecc.cr2.cl\/wp-content\/uploads\/2022\/06\/IReyes.jpg\" alt=\"\" width=\"200\" height=\"230\" \/><br \/>\nIrene Reyes<\/span><\/h4>\n<p style=\"text-align: center;\"><a href=\"#wow-modal-id-16\">Ver biograf\u00eda<\/a><\/p>\n<p>[\/vc_column_text][\/vc_column_inner][\/vc_row_inner][vc_row_inner][vc_column_inner width=&#8221;1\/6&#8243;][vc_column_text]<\/p>\n<h4 style=\"text-align: center;\"><span style=\"color: #ff9900;\"><img loading=\"lazy\" class=\"alignnone wp-image-142 size-full\" src=\"http:\/\/ciecc.cr2.cl\/wp-content\/uploads\/2022\/06\/Preyes.jpg\" alt=\"\" width=\"200\" height=\"230\" \/><br \/>\nPilar Reyes<\/span><\/h4>\n<p style=\"text-align: center;\"><a href=\"#wow-modal-id-9\">Ver biograf\u00eda<\/a><\/p>\n<p>[\/vc_column_text][\/vc_column_inner][vc_column_inner width=&#8221;1\/6&#8243;][vc_column_text]<\/p>\n<h4 style=\"text-align: center;\"><span style=\"color: #ff9900;\"><img loading=\"lazy\" class=\"aligncenter wp-image-153 size-full\" src=\"http:\/\/ciecc.cr2.cl\/wp-content\/uploads\/2022\/06\/YRivera.jpg\" alt=\"\" width=\"200\" height=\"230\" \/>Yair Rivera<\/span><\/h4>\n<p style=\"text-align: center;\"><a href=\"#wow-modal-id-22\">Ver biograf\u00eda<\/a><\/p>\n<p>[\/vc_column_text][\/vc_column_inner][vc_column_inner width=&#8221;1\/6&#8243;][vc_column_text]<\/p>\n<h4 style=\"text-align: center;\"><span style=\"color: #ff9900;\"><img loading=\"lazy\" class=\"alignnone wp-image-154 size-full\" src=\"http:\/\/ciecc.cr2.cl\/wp-content\/uploads\/2022\/06\/CRobles.jpg\" alt=\"\" width=\"200\" height=\"230\" \/><br \/>\nClaudia Robles<\/span><\/h4>\n<p style=\"text-align: center;\"><a href=\"#wow-modal-id-23\">Ver biograf\u00eda<\/a><\/p>\n<p>[\/vc_column_text][\/vc_column_inner][vc_column_inner width=&#8221;1\/6&#8243;][vc_column_text]<\/p>\n<h4 style=\"text-align: center;\"><span style=\"color: #ff9900;\"><img loading=\"lazy\" class=\"alignnone wp-image-195 size-full\" src=\"http:\/\/ciecc.cr2.cl\/wp-content\/uploads\/2022\/06\/ARosdriguez.png\" alt=\"\" width=\"200\" height=\"230\" \/><br \/>\nAdolfo Rodriguez<\/span><\/h4>\n<p style=\"text-align: center;\"><a href=\"#wow-modal-id-24\">Ver biograf\u00eda<\/a><\/p>\n<p>[\/vc_column_text][\/vc_column_inner][vc_column_inner width=&#8221;1\/6&#8243;][vc_column_text]<\/p>\n<h4 style=\"text-align: center;\"><span style=\"color: #ff9900;\"><img loading=\"lazy\" class=\"alignnone wp-image-139 size-full\" src=\"http:\/\/ciecc.cr2.cl\/wp-content\/uploads\/2022\/06\/DSadadou.jpg\" alt=\"\" width=\"200\" height=\"230\" \/><br \/>\nDjian Sadadou<\/span><\/h4>\n<p style=\"text-align: center;\"><a href=\"#wow-modal-id-11\">Ver biograf\u00eda<\/a><\/p>\n<p>[\/vc_column_text][\/vc_column_inner][vc_column_inner width=&#8221;1\/6&#8243;][vc_column_text]<\/p>\n<h4 style=\"text-align: center;\"><span style=\"color: #ff9900;\"><img loading=\"lazy\" class=\"alignnone wp-image-105 size-full\" src=\"http:\/\/ciecc.cr2.cl\/wp-content\/uploads\/2022\/06\/Nina_Smidt_200.jpg\" alt=\"\" width=\"200\" height=\"230\" \/><br \/>\nNina Smidt<\/span><\/h4>\n<p style=\"text-align: center;\"><a href=\"#wow-modal-id-7\">Ver biograf\u00eda<\/a><\/p>\n<p>[\/vc_column_text][\/vc_column_inner][\/vc_row_inner][vc_row_inner][vc_column_inner width=&#8221;1\/6&#8243;][vc_column_text]<\/p>\n<h4 style=\"text-align: center;\"><span style=\"color: #ff9900;\"><img loading=\"lazy\" class=\"alignnone wp-image-228 size-full\" src=\"http:\/\/ciecc.cr2.cl\/wp-content\/uploads\/2022\/07\/ESoto.jpg\" alt=\"\" width=\"200\" height=\"230\" \/><br \/>\nEduardo Soto Estrada<\/span><\/h4>\n<p style=\"text-align: center;\"><a href=\"#wow-modal-id-34\">Ver biograf\u00eda<\/a><\/p>\n<p>[\/vc_column_text][\/vc_column_inner][vc_column_inner width=&#8221;1\/6&#8243;][vc_column_text]<\/p>\n<h4 style=\"text-align: center;\"><span style=\"color: #ff9900;\"><img loading=\"lazy\" class=\"alignnone wp-image-201 size-full\" src=\"http:\/\/ciecc.cr2.cl\/wp-content\/uploads\/2022\/06\/NUcros.png\" alt=\"\" width=\"200\" height=\"230\" \/><br \/>\nNatalia Ucr\u00f3s Pinz\u00f3n<\/span><\/h4>\n<p style=\"text-align: center;\"><a href=\"#wow-modal-id-29\">Ver biograf\u00eda<\/a><\/p>\n<p>[\/vc_column_text][\/vc_column_inner][vc_column_inner width=&#8221;1\/6&#8243;][vc_column_text]<\/p>\n<h4 style=\"text-align: center;\"><span style=\"color: #ff9900;\"><img loading=\"lazy\" class=\"alignnone wp-image-229 size-full\" src=\"http:\/\/ciecc.cr2.cl\/wp-content\/uploads\/2022\/07\/DVillalba.jpg\" alt=\"\" width=\"200\" height=\"230\" \/><br \/>\nDaniela Villalba<\/span><\/h4>\n<p style=\"text-align: center;\"><a href=\"#wow-modal-id-33\">Ver biograf\u00eda<\/a><\/p>\n<p>[\/vc_column_text][\/vc_column_inner][vc_column_inner width=&#8221;1\/6&#8243;][vc_column_text]<\/p>\n<h4 style=\"text-align: center;\"><span style=\"color: #ff9900;\"><img loading=\"lazy\" class=\"alignnone wp-image-143 size-full\" src=\"http:\/\/ciecc.cr2.cl\/wp-content\/uploads\/2022\/06\/IVillanueva.jpg\" alt=\"\" width=\"200\" height=\"230\" \/><br \/>\nIsabel Villanueva<\/span><\/h4>\n<p style=\"text-align: center;\"><a href=\"#wow-modal-id-12\">Ver biograf\u00eda<\/a><\/p>\n<p>[\/vc_column_text][\/vc_column_inner][vc_column_inner width=&#8221;1\/6&#8243;][vc_column_text]<\/p>\n<h4 style=\"text-align: center;\"><span style=\"color: #ff9900;\"><img loading=\"lazy\" class=\"alignnone wp-image-137 size-full\" src=\"http:\/\/ciecc.cr2.cl\/wp-content\/uploads\/2022\/06\/Ulrike_Wahl_200.jpg\" alt=\"\" width=\"200\" height=\"230\" \/><br \/>\nUlrike Wahl<\/span><\/h4>\n<p style=\"text-align: center;\"><a href=\"#wow-modal-id-15\">Ver biograf\u00eda<\/a><\/p>\n<p>[\/vc_column_text][\/vc_column_inner][vc_column_inner width=&#8221;1\/6&#8243;][\/vc_column_inner][\/vc_row_inner][vc_column_text][\/vc_column_text][\/vc_tta_section][vc_tta_section title=&#8221;VIDEOS&#8221; tab_id=&#8221;videos&#8221;][vc_row_inner][vc_column_inner width=&#8221;1\/2&#8243;][vc_column_text]<iframe loading=\"lazy\" title=\"YouTube video player\" src=\"https:\/\/www.youtube.com\/embed\/lXgR4bnT4o0\" width=\"560\" height=\"315\" frameborder=\"0\" allowfullscreen=\"allowfullscreen\"><\/iframe>[\/vc_column_text][vc_column_text css=&#8221;.vc_custom_1684794544431{margin-top: -30px !important;}&#8221;]<\/p>\n<h3 style=\"text-align: center;\">Revive la transmision del 29 de junio 2022<\/h3>\n<p style=\"text-align: center;\"><strong>Desde M\u00e9xico<\/strong><span style=\"color: #ffffff;\"><strong><br \/>\n<\/strong><\/span><\/p>\n<p>[\/vc_column_text][\/vc_column_inner][vc_column_inner width=&#8221;1\/2&#8243;][vc_column_text]<iframe loading=\"lazy\" title=\"YouTube video player\" src=\"https:\/\/www.youtube.com\/embed\/vLkz0GW2ATI\" width=\"560\" height=\"315\" frameborder=\"0\" allowfullscreen=\"allowfullscreen\"><\/iframe>[\/vc_column_text][vc_column_text css=&#8221;.vc_custom_1684794553538{margin-top: -30px !important;}&#8221;]<\/p>\n<h3 style=\"text-align: center;\">Revive la transmision del 30 de junio 2022<\/h3>\n<p style=\"text-align: center;\"><strong>Desde M\u00e9xico<\/strong><span style=\"color: #ffffff;\"><strong><br \/>\n<\/strong><\/span><\/p>\n<p>[\/vc_column_text][\/vc_column_inner][\/vc_row_inner][vc_row_inner][vc_column_inner width=&#8221;1\/2&#8243;][vc_column_text]<iframe loading=\"lazy\" title=\"YouTube video player\" src=\"https:\/\/www.youtube.com\/embed\/P8CFtXb6NO8\" width=\"560\" height=\"315\" frameborder=\"0\" allowfullscreen=\"allowfullscreen\"><\/iframe>[\/vc_column_text][vc_column_text css=&#8221;.vc_custom_1684794606016{margin-top: -30px !important;}&#8221;]<\/p>\n<h3 style=\"text-align: center;\">Revive la transmision online del 14 de julio 2022<\/h3>\n<p style=\"text-align: center;\"><strong>Desde Colombia<\/strong><\/p>\n<p>[\/vc_column_text][\/vc_column_inner][vc_column_inner width=&#8221;1\/2&#8243;][vc_column_text]<iframe loading=\"lazy\" title=\"YouTube video player\" src=\"https:\/\/www.youtube.com\/embed\/uACryVASSiE\" width=\"560\" height=\"315\" frameborder=\"0\" allowfullscreen=\"allowfullscreen\"><\/iframe>[\/vc_column_text][vc_column_text css=&#8221;.vc_custom_1684794613607{margin-top: -30px !important;}&#8221;]<\/p>\n<h3 style=\"text-align: center;\">Revive la transmision online del 15 de julio 2022<\/h3>\n<p style=\"text-align: center;\"><strong>Desde Colombia<\/strong><\/p>\n<p>[\/vc_column_text][\/vc_column_inner][\/vc_row_inner][\/vc_tta_section][\/vc_tta_tabs][\/vc_column][\/vc_row][vc_row full_width=&#8221;stretch_row_content&#8221;][vc_column][vc_column_text]<\/p>\n<h3 style=\"text-align: center;\"><span style=\"color: #ff9900;\">ORGANIZAN<\/span><\/h3>\n<p>[\/vc_column_text][vc_single_image image=&#8221;234&#8243; img_size=&#8221;full&#8221; alignment=&#8221;center&#8221;][\/vc_column][\/vc_row]<\/p>\n<\/section>","protected":false},"excerpt":{"rendered":"<p>[vc_row full_width=&#8221;stretch_row_content_no_spaces&#8221;][vc_column][vc_single_image image=&#8221;168&#8243; img_size=&#8221;full&#8221; alignment=&#8221;center&#8221;][\/vc_column][\/vc_row][vc_row full_width=&#8221;stretch_row&#8221; css=&#8221;.vc_custom_1684794695286{margin-top: -70px !important;background-color: #0063af !important;}&#8221;][vc_column][vc_empty_space height=&#8221;25px&#8221;][vc_column_text css=&#8221;.vc_custom_1684794843761{margin-top: -30px !important;}&#8221;] CIECC 2023\u00a0 \u00a0|\u00a0 \u00a0 CIECC 2022\u00a0 \u00a0|\u00a0 \u00a0CIECC 2021\u00a0 |\u00a0 \u00a0CIECC 2020\u00a0 \u00a0|\u00a0 \u00a0CIECC 2019 [\/vc_column_text][\/vc_column][\/vc_row][vc_row full_width=&#8221;stretch_row&#8221; css=&#8221;.vc_custom_1658459253515{background-color: #ffc43a !important;}&#8221;][vc_column][vc_column_text] Revisa aqu\u00ed los resultados del #Desaf\u00edoAdaptaci\u00f3nClim\u00e1tica Mapa interactivo de iniciativas de adaptaci\u00f3n clim\u00e1tica en Am\u00e9rica Latina [\/vc_column_text][\/vc_column][\/vc_row][vc_row][vc_column][vc_tta_tabs style=&#8221;outline&#8221; shape=&#8221;square&#8221; color=&#8221;sandy-brown&#8221;&hellip;<\/p>\n","protected":false},"author":1,"featured_media":0,"parent":0,"menu_order":0,"comment_status":"closed","ping_status":"closed","template":"template-microsite.php","meta":[],"_links":{"self":[{"href":"https:\/\/ciecc.cr2.cl\/index.php\/wp-json\/wp\/v2\/pages\/250"}],"collection":[{"href":"https:\/\/ciecc.cr2.cl\/index.php\/wp-json\/wp\/v2\/pages"}],"about":[{"href":"https:\/\/ciecc.cr2.cl\/index.php\/wp-json\/wp\/v2\/types\/page"}],"author":[{"embeddable":true,"href":"https:\/\/ciecc.cr2.cl\/index.php\/wp-json\/wp\/v2\/users\/1"}],"replies":[{"embeddable":true,"href":"https:\/\/ciecc.cr2.cl\/index.php\/wp-json\/wp\/v2\/comments?post=250"}],"version-history":[{"count":10,"href":"https:\/\/ciecc.cr2.cl\/index.php\/wp-json\/wp\/v2\/pages\/250\/revisions"}],"predecessor-version":[{"id":335,"href":"https:\/\/ciecc.cr2.cl\/index.php\/wp-json\/wp\/v2\/pages\/250\/revisions\/335"}],"wp:attachment":[{"href":"https:\/\/ciecc.cr2.cl\/index.php\/wp-json\/wp\/v2\/media?parent=250"}],"curies":[{"name":"wp","href":"https:\/\/api.w.org\/{rel}","templated":true}]}}